{"id":7,"date":"2018-07-03T08:27:13","date_gmt":"2018-07-03T08:27:13","guid":{"rendered":"http:\/\/offcenit.no:9009\/?page_id=7"},"modified":"2026-03-13T08:27:35","modified_gmt":"2026-03-13T08:27:35","slug":"merkeslia","status":"publish","type":"page","link":"https:\/\/www.merkeslia.no\/","title":{"rendered":"Framside"},"content":{"rendered":"<p>[et_pb_section fb_built=&#8221;1&#8243; inner_shadow=&#8221;on&#8221; module_id=&#8221;framside-cover&#8221; _builder_version=&#8221;4.16&#8243; background_image=&#8221;https:\/\/www.merkeslia.no\/wp-content\/uploads\/2021\/02\/01Fasade_1-scaled.jpg&#8221; max_width_last_edited=&#8221;off|desktop&#8221; custom_padding=&#8221;0px|0px|66px|0px&#8221; global_colors_info=&#8221;{}&#8221;][et_pb_row _builder_version=&#8221;4.16&#8243; module_alignment=&#8221;center&#8221; custom_padding=&#8221;0px|0px|27px|0px&#8221; global_colors_info=&#8221;{}&#8221;][et_pb_column type=&#8221;4_4&#8243; _builder_version=&#8221;4.16&#8243; custom_padding=&#8221;|||&#8221; global_colors_info=&#8221;{}&#8221; custom_padding__hover=&#8221;|||&#8221;][et_pb_text _builder_version=&#8221;4.16&#8243; text_font=&#8221;||||||||&#8221; header_font=&#8221;||||||||&#8221; background_layout=&#8221;dark&#8221; global_colors_info=&#8221;{}&#8221;]<\/p>\n<h1 class=\"cover-tekst\"><b>Makel\u00f8se Merkeslia <\/b><\/h1>\n<h1 class=\"cover-tekst\"><b>&#8211; hel\u00e5rshytter og h\u00f8ystandardtomter <\/b><\/h1>\n<h1 class=\"cover-tekst\"><b>i hjertet av Valdres\u00a0<\/b><\/h1>\n<p>[\/et_pb_text][\/et_pb_column][\/et_pb_row][et_pb_row _builder_version=&#8221;4.16&#8243; custom_padding=&#8221;0px|0px|27px|0px&#8221; global_colors_info=&#8221;{}&#8221;][et_pb_column type=&#8221;4_4&#8243; _builder_version=&#8221;4.16&#8243; custom_padding=&#8221;|||&#8221; global_colors_info=&#8221;{}&#8221; custom_padding__hover=&#8221;|||&#8221;][et_pb_button button_url=&#8221;https:\/\/aktiv.no\/prospekt?id=886a3-68916-8a602-1d25b-18663-deab2-4da42-9cf3f&#8221; button_text=&#8221;Prospekt byggeklare hyttetomter&#8221; button_alignment=&#8221;center&#8221; _builder_version=&#8221;4.27.6&#8243; custom_padding=&#8221;12px||12px||false|false&#8221; hover_enabled=&#8221;0&#8243; box_shadow_style=&#8221;preset2&#8243; global_colors_info=&#8221;{}&#8221; button_text_size__hover_enabled=&#8221;off&#8221; button_one_text_size__hover_enabled=&#8221;off&#8221; button_two_text_size__hover_enabled=&#8221;off&#8221; button_text_color__hover_enabled=&#8221;off&#8221; button_one_text_color__hover_enabled=&#8221;off&#8221; button_two_text_color__hover_enabled=&#8221;off&#8221; button_border_width__hover_enabled=&#8221;off&#8221; button_one_border_width__hover_enabled=&#8221;off&#8221; button_two_border_width__hover_enabled=&#8221;off&#8221; button_border_color__hover_enabled=&#8221;off&#8221; button_one_border_color__hover_enabled=&#8221;off&#8221; button_two_border_color__hover_enabled=&#8221;off&#8221; button_border_radius__hover_enabled=&#8221;off&#8221; button_one_border_radius__hover_enabled=&#8221;off&#8221; button_two_border_radius__hover_enabled=&#8221;off&#8221; button_letter_spacing__hover_enabled=&#8221;off&#8221; button_one_letter_spacing__hover_enabled=&#8221;off&#8221; button_two_letter_spacing__hover_enabled=&#8221;off&#8221; button_bg_color__hover_enabled=&#8221;off&#8221; button_one_bg_color__hover_enabled=&#8221;off&#8221; button_two_bg_color__hover_enabled=&#8221;off&#8221; sticky_enabled=&#8221;0&#8243;][\/et_pb_button][et_pb_button button_url=&#8221;https:\/\/www.merkeslia.no\/wp-content\/uploads\/2026\/03\/Merkeslia-Hyttefelt-Prislist-pr.-10.02.2026.pdf&#8221; url_new_window=&#8221;on&#8221; button_text=&#8221;Tomtekart med prisliste&#8221; button_alignment=&#8221;center&#8221; _builder_version=&#8221;4.27.6&#8243; custom_padding=&#8221;12px||12px||false|false&#8221; hover_enabled=&#8221;0&#8243; box_shadow_style=&#8221;preset2&#8243; global_colors_info=&#8221;{}&#8221; button_text_size__hover_enabled=&#8221;off&#8221; button_one_text_size__hover_enabled=&#8221;off&#8221; button_two_text_size__hover_enabled=&#8221;off&#8221; button_text_color__hover_enabled=&#8221;off&#8221; button_one_text_color__hover_enabled=&#8221;off&#8221; button_two_text_color__hover_enabled=&#8221;off&#8221; button_border_width__hover_enabled=&#8221;off&#8221; button_one_border_width__hover_enabled=&#8221;off&#8221; button_two_border_width__hover_enabled=&#8221;off&#8221; button_border_color__hover_enabled=&#8221;off&#8221; button_one_border_color__hover_enabled=&#8221;off&#8221; button_two_border_color__hover_enabled=&#8221;off&#8221; button_border_radius__hover_enabled=&#8221;off&#8221; button_one_border_radius__hover_enabled=&#8221;off&#8221; button_two_border_radius__hover_enabled=&#8221;off&#8221; button_letter_spacing__hover_enabled=&#8221;off&#8221; button_one_letter_spacing__hover_enabled=&#8221;off&#8221; button_two_letter_spacing__hover_enabled=&#8221;off&#8221; button_bg_color__hover_enabled=&#8221;off&#8221; button_one_bg_color__hover_enabled=&#8221;off&#8221; button_two_bg_color__hover_enabled=&#8221;off&#8221; sticky_enabled=&#8221;0&#8243;][\/et_pb_button][\/et_pb_column][\/et_pb_row][et_pb_row _builder_version=&#8221;4.23.2&#8243; _module_preset=&#8221;default&#8221; global_colors_info=&#8221;{}&#8221;][et_pb_column type=&#8221;4_4&#8243; _builder_version=&#8221;4.23.2&#8243; _module_preset=&#8221;default&#8221; global_colors_info=&#8221;{}&#8221;][\/et_pb_column][\/et_pb_row][\/et_pb_section][et_pb_section fb_built=&#8221;1&#8243; module_id=&#8221;merkeslia&#8221; _builder_version=&#8221;4.16&#8243; background_color=&#8221;#becfdb&#8221; custom_padding=&#8221;43px|0px|0px|0px&#8221; global_colors_info=&#8221;{}&#8221;][et_pb_row _builder_version=&#8221;4.16&#8243; background_color=&#8221;#ffffff&#8221; module_alignment=&#8221;center&#8221; custom_margin=&#8221;20px||20px|&#8221; custom_padding=&#8221;0px|0px|27px|0px&#8221; border_color_all=&#8221;#000000&#8243; box_shadow_style=&#8221;preset1&#8243; box_shadow_horizontal=&#8221;-2px&#8221; box_shadow_spread=&#8221;4px&#8221; global_colors_info=&#8221;{}&#8221;][et_pb_column type=&#8221;4_4&#8243; _builder_version=&#8221;4.16&#8243; custom_padding=&#8221;|||&#8221; global_colors_info=&#8221;{}&#8221; custom_padding__hover=&#8221;|||&#8221;][et_pb_text _builder_version=&#8221;4.16&#8243; text_font=&#8221;||||||||&#8221; header_font=&#8221;||||||||&#8221; global_colors_info=&#8221;{}&#8221;]<\/p>\n<h2 class=\"framside-h1\">Makel\u00f8s mulighet<\/h2>\n<p class=\"framside-p\" style=\"text-align: center;\"><strong><\/strong><\/p>\n<p class=\"framside-p\" style=\"text-align: center;\"><strong>Dr\u00f8mmer du om din egen hel\u00e5rshytte &#8211; midt i fjelleventyret?<\/strong><\/p>\n<p>I solrike og idylliske Merkeslia ligger byggeklare hyttetomter og n\u00f8kkelferdige hytter ut for salg. Med \u00f8rretelva Tisleia, sykkeleventyret Mj\u00f8lkevegen, fjellterreng, seterst\u00f8ler og milevis med skil\u00f8yper som n\u00e6rmeste naboer. \u00c5pent og frittliggende, men samtidig skjermet, ligger hyttefeltet Merkeslia kun 2,5 timer fra Oslo med kort vei til b\u00e5de Hallingdal, Hemsedal og Jotunheimen. Popul\u00e6re turomr\u00e5der, sn\u00f8sikre vintre og lange fjellsommere gj\u00f8r makel\u00f8se Merkeslia lett \u00e5 like og veldig vanskelig \u00e5 forlate.<\/p>\n<p>Vi er stolte av \u00e5 tilrettelegge b\u00e5de tomter og hytter av h\u00f8y kvalitet i Merkeslia \u2013 levert av lokale h\u00e5ndverkere med samme solide erfaring fra b\u00e5de bransjen og fjellheimen som vi selv har.<\/p>\n<p style=\"text-align: center;\"><strong>Ta gjerne en titt, kanskje ser du de samme mulighetene som oss!<\/strong><\/p>\n<h2 class=\"framside-h1\"><\/h2>\n<p>[\/et_pb_text][et_pb_code module_id=&#8221;arstidanker&#8221; _builder_version=&#8221;4.16&#8243; global_colors_info=&#8221;{}&#8221;][\/et_pb_code][\/et_pb_column][\/et_pb_row][et_pb_row module_id=&#8221;arstidoverskrift&#8221; _builder_version=&#8221;4.16&#8243; width=&#8221;100%&#8221; max_width=&#8221;100%&#8221; custom_padding=&#8221;27px|0px|0px|0px&#8221; custom_css_main_element=&#8221;background-color:unset;||box-shadow:unset;&#8221; use_custom_width=&#8221;on&#8221; width_unit=&#8221;off&#8221; custom_width_percent=&#8221;100%&#8221; global_colors_info=&#8221;{}&#8221;][et_pb_column type=&#8221;4_4&#8243; _builder_version=&#8221;4.16&#8243; custom_padding=&#8221;|||&#8221; global_colors_info=&#8221;{}&#8221; custom_padding__hover=&#8221;|||&#8221;][et_pb_text module_class=&#8221;seksjonsoverskrift&#8221; _builder_version=&#8221;4.16&#8243; module_alignment=&#8221;center&#8221; global_colors_info=&#8221;{}&#8221;]<\/p>\n<h2 class=\"h2-pynt\">Fire \u00e5rstider<\/h2>\n<h2 class=\"h2-pynt\">&#8211; tusen muligheter<\/h2>\n<p><span style=\"font-size: 14.5pt;\">\u00a0God, gammeldags sn\u00f8vinter, intense uker p\u00e5 v\u00e5ren frodige fjellsommere og et fyrverkeri av farger hver eneste h\u00f8st. Merkeslia er makel\u00f8s \u00e5ret rundt.\u00a0<\/span><br \/><span style=\"font-size: 14.5pt;\"><\/span><br \/><span style=\"font-size: 14.5pt;\"><\/span><\/p>\n<p>[\/et_pb_text][\/et_pb_column][\/et_pb_row][\/et_pb_section][et_pb_section fb_built=&#8221;1&#8243; module_class=&#8221;section-padding&#8221; _builder_version=&#8221;4.16&#8243; background_color=&#8221;#becfdb&#8221; custom_padding=&#8221;54px|0px|54px|0px&#8221; global_colors_info=&#8221;{}&#8221;][et_pb_row module_class=&#8221;arstid&#8221; _builder_version=&#8221;4.16&#8243; background_color=&#8221;#ffffff&#8221; custom_margin=&#8221;|||&#8221; custom_padding=&#8221;0px|0px|27px|0px&#8221; global_colors_info=&#8221;{}&#8221;][et_pb_column type=&#8221;4_4&#8243; _builder_version=&#8221;4.16&#8243; custom_padding=&#8221;|||&#8221; global_colors_info=&#8221;{}&#8221; custom_padding__hover=&#8221;|||&#8221;][et_pb_image src=&#8221;\/wp-content\/uploads\/2018\/07\/1396796544.jpg&#8221; show_in_lightbox=&#8221;on&#8221; align_tablet=&#8221;center&#8221; align_phone=&#8221;&#8221; align_last_edited=&#8221;on|desktop&#8221; module_class=&#8221;img-height&#8221; _builder_version=&#8221;4.16&#8243; custom_css_main_element=&#8221;-webkit-clip-path: polygon(0 0, 100% 0, 100% 88%, 72% 100%, 14% 99%, 0 95%);||clip-path: polygon(0 0, 100% 0, 100% 88%, 72% 100%, 14% 99%, 0 95%);&#8221; global_colors_info=&#8221;{}&#8221;][\/et_pb_image][et_pb_text _builder_version=&#8221;4.16&#8243; text_font=&#8221;||||||||&#8221; header_font=&#8221;||||||||&#8221; custom_margin=&#8221;|||&#8221; custom_padding=&#8221;|||&#8221; global_colors_info=&#8221;{}&#8221;]<\/p>\n<h2 class=\"framside-h1\">Vinter og sn\u00f8 nok til alle<\/h2>\n<p class=\"framside-p\" style=\"text-align: center;\"><span style=\"font-size: 19.3333px;\"><strong><\/strong><\/span><\/p>\n<p class=\"framside-p\" style=\"text-align: center;\"><span style=\"font-size: 19.3333px;\">Bortover eller nedover, ski eller akebrett, solvegg eller snaufjell: Vintrene i Merkeslia er kritthvite, solrike og utrolig variererte &#8211; her er langrennsl\u00f8yper og alpinanlegg, snaufjell og eventyrskog,\u00a0sol og sn\u00f8 nok til\u00a0nok for et helt friluftsliv.<\/span><\/p>\n<p>&nbsp;<\/p>\n<p>[\/et_pb_text][\/et_pb_column][\/et_pb_row][et_pb_row module_class=&#8221;arstid&#8221; _builder_version=&#8221;4.16&#8243; background_color=&#8221;#ffffff&#8221; custom_margin=&#8221;|||&#8221; custom_padding=&#8221;0px|0px|27px|0px&#8221; global_colors_info=&#8221;{}&#8221;][et_pb_column type=&#8221;4_4&#8243; _builder_version=&#8221;4.16&#8243; custom_padding=&#8221;|||&#8221; global_colors_info=&#8221;{}&#8221; custom_padding__hover=&#8221;|||&#8221;][et_pb_image src=&#8221;\/wp-content\/uploads\/2018\/07\/DSC_8005S.jpg&#8221; show_in_lightbox=&#8221;on&#8221; align_tablet=&#8221;center&#8221; align_phone=&#8221;&#8221; align_last_edited=&#8221;on|desktop&#8221; module_class=&#8221;img-height&#8221; _builder_version=&#8221;4.16&#8243; custom_css_main_element=&#8221;-webkit-clip-path: polygon(0 0, 100% 0, 100% 88%, 72% 100%, 14% 99%, 0 95%);||clip-path: polygon(0 0, 100% 0, 100% 88%, 72% 100%, 14% 99%, 0 95%);&#8221; global_colors_info=&#8221;{}&#8221;][\/et_pb_image][et_pb_text _builder_version=&#8221;4.16&#8243; text_font=&#8221;||||||||&#8221; header_font=&#8221;||||||||&#8221; custom_margin=&#8221;|||&#8221; custom_padding=&#8221;|||&#8221; global_colors_info=&#8221;{}&#8221;]<\/p>\n<h2 class=\"framside-h1\">V\u00e5rl<span><strong>\u00f8<\/strong><\/span>sning i fjellheimen<\/h2>\n<p class=\"framside-p\" style=\"text-align: center;\"><strong><\/strong><\/p>\n<p class=\"framside-p\" style=\"text-align: center;\">V\u00e5ren er intens og inspirerende i Merkeslia &#8211; med skif\u00f8re i h\u00f8yden og \u00e5rets f\u00f8rste bad i dalen p\u00e5 ei og samme helg. Kanskje topper du skisesongen i Hemsedal eller p\u00e5 Norges tak hos storebror Jotunheimen?<\/p>\n<p>\u00a0<\/p>\n<p>[\/et_pb_text][\/et_pb_column][\/et_pb_row][et_pb_row module_class=&#8221;arstid&#8221; _builder_version=&#8221;4.16&#8243; background_color=&#8221;#ffffff&#8221; custom_margin=&#8221;|||&#8221; custom_padding=&#8221;0px|0px|27px|0px&#8221; global_colors_info=&#8221;{}&#8221;][et_pb_column type=&#8221;4_4&#8243; _builder_version=&#8221;4.16&#8243; custom_padding=&#8221;|||&#8221; global_colors_info=&#8221;{}&#8221; custom_padding__hover=&#8221;|||&#8221;][et_pb_image src=&#8221;\/wp-content\/uploads\/2018\/07\/DJI_0017S.jpg&#8221; show_in_lightbox=&#8221;on&#8221; align_tablet=&#8221;center&#8221; align_phone=&#8221;&#8221; align_last_edited=&#8221;on|desktop&#8221; module_class=&#8221;img-height&#8221; _builder_version=&#8221;4.16&#8243; custom_css_main_element=&#8221;-webkit-clip-path: polygon(0 0, 100% 0, 100% 88%, 72% 100%, 14% 99%, 0 95%);||clip-path: polygon(0 0, 100% 0, 100% 88%, 72% 100%, 14% 99%, 0 95%);&#8221; global_colors_info=&#8221;{}&#8221;][\/et_pb_image][et_pb_text _builder_version=&#8221;4.16&#8243; text_font=&#8221;||||||||&#8221; header_font=&#8221;||||||||&#8221; custom_margin=&#8221;|||&#8221; custom_padding=&#8221;|||&#8221; global_colors_info=&#8221;{}&#8221;]<\/p>\n<h2 class=\"framside-h1\">Fjellsommer for minneboka<\/h2>\n<p class=\"framside-p\" style=\"text-align: center;\"><strong><\/strong><\/p>\n<p class=\"framside-p\" style=\"text-align: center;\">Med \u00f8stlandsfjell og vestlandsfjorder til alle kanter er Merkeslia et perfekt utgangspunkt for b\u00e5de fotturer og kortreiste norgesferier. Men aller mest frister kanskje hytta med badevann, fiskeelv, sykkelstier og eventyrlig seterlandskap i nabolaget?<\/p>\n<p class=\"framside-p\">\n<p>[\/et_pb_text][\/et_pb_column][\/et_pb_row][et_pb_row module_class=&#8221;arstid&#8221; _builder_version=&#8221;4.16&#8243; background_color=&#8221;#ffffff&#8221; custom_margin=&#8221;|||&#8221; custom_padding=&#8221;0px|0px|27px|0px&#8221; global_colors_info=&#8221;{}&#8221;][et_pb_column type=&#8221;4_4&#8243; _builder_version=&#8221;4.16&#8243; custom_padding=&#8221;|||&#8221; global_colors_info=&#8221;{}&#8221; custom_padding__hover=&#8221;|||&#8221;][et_pb_image src=&#8221;\/wp-content\/uploads\/2018\/07\/DSC_8000S.jpg&#8221; show_in_lightbox=&#8221;on&#8221; align_tablet=&#8221;center&#8221; align_phone=&#8221;&#8221; align_last_edited=&#8221;on|desktop&#8221; module_class=&#8221;img-height&#8221; _builder_version=&#8221;4.16&#8243; custom_css_main_element=&#8221;-webkit-clip-path: polygon(0 0, 100% 0, 100% 88%, 72% 100%, 14% 99%, 0 95%);||clip-path: polygon(0 0, 100% 0, 100% 88%, 72% 100%, 14% 99%, 0 95%);&#8221; global_colors_info=&#8221;{}&#8221;][\/et_pb_image][et_pb_text _builder_version=&#8221;4.16&#8243; text_font=&#8221;||||||||&#8221; header_font=&#8221;||||||||&#8221; custom_margin=&#8221;|||&#8221; custom_padding=&#8221;|||&#8221; global_colors_info=&#8221;{}&#8221;]<\/p>\n<h2 class=\"framside-h1\"><strong>H\u00f8sthelger fra \u00f8verste hylle<\/strong><\/h2>\n<p class=\"framside-p\">\n<p class=\"framside-p\">B<span>\u00e6<\/span>r og sopp, jaktterreng og\u00a0\u00f8rretvann, v<span>\u00e6<\/span>romslag og stemningsskifter: H\u00f8sten i Merkeslia er sjelden lang nok, men alltid tilgjengelig for den som er s\u00e5 heldig \u00e5 ha fjellheimen i nabolaget. Tenk \u00e5 f\u00e5 avslutte sommeren med slik et fyrverkeri!<\/p>\n<p>[\/et_pb_text][\/et_pb_column][\/et_pb_row][\/et_pb_section][et_pb_section fb_built=&#8221;1&#8243; disabled_on=&#8221;off|off|off&#8221; module_id=&#8221;desktopseksjon&#8221; _builder_version=&#8221;4.16&#8243; custom_padding=&#8221;0px|0px|0px|0px&#8221; global_colors_info=&#8221;{}&#8221;][et_pb_row _builder_version=&#8221;4.16&#8243; custom_padding=&#8221;27px|0px|39px|0px&#8221; custom_css_main_element=&#8221;background-color:unset;||box-shadow:unset;&#8221; global_colors_info=&#8221;{}&#8221;][et_pb_column type=&#8221;4_4&#8243; _builder_version=&#8221;4.16&#8243; custom_padding=&#8221;|||&#8221; global_colors_info=&#8221;{}&#8221; custom_padding__hover=&#8221;|||&#8221;][et_pb_button button_url=&#8221;\/index.php\/aktiviteter\/&#8221; button_text=&#8221;Aktiviteter og attraksjoner \u00e5ret rundt&#8221; button_alignment=&#8221;center&#8221; _builder_version=&#8221;4.24.2&#8243; custom_padding=&#8221;12px||12px||false|false&#8221; box_shadow_style=&#8221;preset1&#8243; global_colors_info=&#8221;{}&#8221; button_text_size__hover_enabled=&#8221;off&#8221; button_one_text_size__hover_enabled=&#8221;off&#8221; button_two_text_size__hover_enabled=&#8221;off&#8221; button_text_color__hover_enabled=&#8221;off&#8221; button_one_text_color__hover_enabled=&#8221;off&#8221; button_two_text_color__hover_enabled=&#8221;off&#8221; button_border_width__hover_enabled=&#8221;off&#8221; button_one_border_width__hover_enabled=&#8221;off&#8221; button_two_border_width__hover_enabled=&#8221;off&#8221; button_border_color__hover_enabled=&#8221;off&#8221; button_one_border_color__hover_enabled=&#8221;off&#8221; button_two_border_color__hover_enabled=&#8221;off&#8221; button_border_radius__hover_enabled=&#8221;off&#8221; button_one_border_radius__hover_enabled=&#8221;off&#8221; button_two_border_radius__hover_enabled=&#8221;off&#8221; button_letter_spacing__hover_enabled=&#8221;off&#8221; button_one_letter_spacing__hover_enabled=&#8221;off&#8221; button_two_letter_spacing__hover_enabled=&#8221;off&#8221; button_bg_color__hover_enabled=&#8221;off&#8221; button_one_bg_color__hover_enabled=&#8221;off&#8221; button_two_bg_color__hover_enabled=&#8221;off&#8221;][\/et_pb_button][\/et_pb_column][\/et_pb_row][\/et_pb_section]<\/p>\n","protected":false},"excerpt":{"rendered":"<p>Makel\u00f8se Merkeslia &#8211; hel\u00e5rshytter og h\u00f8ystandardtomter i hjertet av Valdres\u00a0Makel\u00f8s mulighet Dr\u00f8mmer du om din egen hel\u00e5rshytte &#8211; midt i fjelleventyret? I solrike og idylliske Merkeslia ligger byggeklare hyttetomter og n\u00f8kkelferdige hytter ut for salg. Med \u00f8rretelva Tisleia, sykkeleventyret Mj\u00f8lkevegen, fjellterreng, seterst\u00f8ler og milevis med skil\u00f8yper som n\u00e6rmeste naboer. \u00c5pent og frittliggende, men samtidig skjermet, [&hellip;]<\/p>\n","protected":false},"author":1,"featured_media":0,"parent":0,"menu_order":0,"comment_status":"closed","ping_status":"closed","template":"","meta":{"_et_pb_use_builder":"on","_et_pb_old_content":"","_et_gb_content_width":"","footnotes":""},"class_list":["post-7","page","type-page","status-publish","hentry"],"yoast_head":"<!-- This site is optimized with the Yoast SEO plugin v27.1 - https:\/\/yoast.com\/product\/yoast-seo-wordpress\/ -->\n<title>Makel\u00f8se Merkeslia hyttefelt i Valdres<\/title>\n<meta name=\"description\" content=\"Med sin flotte beliggenhet p\u00e5 fjellet mellom Valdres og Hallingdal er Merkeslia Hyttefelt et popul\u00e6rt hytteomr\u00e5de. Her er det vakker og variert natur med flotte turmuligheter sommer som vinter.\" \/>\n<meta name=\"robots\" content=\"index, follow, max-snippet:-1, max-image-preview:large, max-video-preview:-1\" \/>\n<link rel=\"canonical\" href=\"https:\/\/www.merkeslia.no\/\" \/>\n<meta property=\"og:locale\" content=\"en_US\" \/>\n<meta property=\"og:type\" content=\"article\" \/>\n<meta property=\"og:title\" content=\"Makel\u00f8se Merkeslia hyttefelt i Valdres\" \/>\n<meta property=\"og:description\" content=\"Med sin flotte beliggenhet p\u00e5 fjellet mellom Valdres og Hallingdal er Merkeslia Hyttefelt et popul\u00e6rt hytteomr\u00e5de. Her er det vakker og variert natur med flotte turmuligheter sommer som vinter.\" \/>\n<meta property=\"og:url\" content=\"https:\/\/www.merkeslia.no\/\" \/>\n<meta property=\"og:site_name\" content=\"Merkeslia\" \/>\n<meta property=\"article:publisher\" content=\"https:\/\/www.facebook.com\/merkeslia\/\" \/>\n<meta property=\"article:modified_time\" content=\"2026-03-13T08:27:35+00:00\" \/>\n<meta name=\"twitter:card\" content=\"summary_large_image\" \/>\n<meta name=\"twitter:label1\" content=\"Est. reading time\" \/>\n\t<meta name=\"twitter:data1\" content=\"9 minutes\" \/>\n<script type=\"application\/ld+json\" class=\"yoast-schema-graph\">{\"@context\":\"https:\/\/schema.org\",\"@graph\":[{\"@type\":\"WebPage\",\"@id\":\"https:\/\/www.merkeslia.no\/\",\"url\":\"https:\/\/www.merkeslia.no\/\",\"name\":\"Makel\u00f8se Merkeslia hyttefelt i Valdres\",\"isPartOf\":{\"@id\":\"https:\/\/www.merkeslia.no\/#website\"},\"datePublished\":\"2018-07-03T08:27:13+00:00\",\"dateModified\":\"2026-03-13T08:27:35+00:00\",\"description\":\"Med sin flotte beliggenhet p\u00e5 fjellet mellom Valdres og Hallingdal er Merkeslia Hyttefelt et popul\u00e6rt hytteomr\u00e5de. Her er det vakker og variert natur med flotte turmuligheter sommer som vinter.\",\"breadcrumb\":{\"@id\":\"https:\/\/www.merkeslia.no\/#breadcrumb\"},\"inLanguage\":\"en-US\",\"potentialAction\":[{\"@type\":\"ReadAction\",\"target\":[\"https:\/\/www.merkeslia.no\/\"]}]},{\"@type\":\"BreadcrumbList\",\"@id\":\"https:\/\/www.merkeslia.no\/#breadcrumb\",\"itemListElement\":[{\"@type\":\"ListItem\",\"position\":1,\"name\":\"Home\",\"item\":\"https:\/\/www.merkeslia.no\/\"},{\"@type\":\"ListItem\",\"position\":2,\"name\":\"Framside\"}]},{\"@type\":\"WebSite\",\"@id\":\"https:\/\/www.merkeslia.no\/#website\",\"url\":\"https:\/\/www.merkeslia.no\/\",\"name\":\"Merkeslia\",\"description\":\"Makel\u00f8se Merkeslia\",\"potentialAction\":[{\"@type\":\"SearchAction\",\"target\":{\"@type\":\"EntryPoint\",\"urlTemplate\":\"https:\/\/www.merkeslia.no\/?s={search_term_string}\"},\"query-input\":{\"@type\":\"PropertyValueSpecification\",\"valueRequired\":true,\"valueName\":\"search_term_string\"}}],\"inLanguage\":\"en-US\"}]}<\/script>\n<!-- \/ Yoast SEO plugin. -->","yoast_head_json":{"title":"Makel\u00f8se Merkeslia hyttefelt i Valdres","description":"Med sin flotte beliggenhet p\u00e5 fjellet mellom Valdres og Hallingdal er Merkeslia Hyttefelt et popul\u00e6rt hytteomr\u00e5de. Her er det vakker og variert natur med flotte turmuligheter sommer som vinter.","robots":{"index":"index","follow":"follow","max-snippet":"max-snippet:-1","max-image-preview":"max-image-preview:large","max-video-preview":"max-video-preview:-1"},"canonical":"https:\/\/www.merkeslia.no\/","og_locale":"en_US","og_type":"article","og_title":"Makel\u00f8se Merkeslia hyttefelt i Valdres","og_description":"Med sin flotte beliggenhet p\u00e5 fjellet mellom Valdres og Hallingdal er Merkeslia Hyttefelt et popul\u00e6rt hytteomr\u00e5de. Her er det vakker og variert natur med flotte turmuligheter sommer som vinter.","og_url":"https:\/\/www.merkeslia.no\/","og_site_name":"Merkeslia","article_publisher":"https:\/\/www.facebook.com\/merkeslia\/","article_modified_time":"2026-03-13T08:27:35+00:00","twitter_card":"summary_large_image","twitter_misc":{"Est. reading time":"9 minutes"},"schema":{"@context":"https:\/\/schema.org","@graph":[{"@type":"WebPage","@id":"https:\/\/www.merkeslia.no\/","url":"https:\/\/www.merkeslia.no\/","name":"Makel\u00f8se Merkeslia hyttefelt i Valdres","isPartOf":{"@id":"https:\/\/www.merkeslia.no\/#website"},"datePublished":"2018-07-03T08:27:13+00:00","dateModified":"2026-03-13T08:27:35+00:00","description":"Med sin flotte beliggenhet p\u00e5 fjellet mellom Valdres og Hallingdal er Merkeslia Hyttefelt et popul\u00e6rt hytteomr\u00e5de. Her er det vakker og variert natur med flotte turmuligheter sommer som vinter.","breadcrumb":{"@id":"https:\/\/www.merkeslia.no\/#breadcrumb"},"inLanguage":"en-US","potentialAction":[{"@type":"ReadAction","target":["https:\/\/www.merkeslia.no\/"]}]},{"@type":"BreadcrumbList","@id":"https:\/\/www.merkeslia.no\/#breadcrumb","itemListElement":[{"@type":"ListItem","position":1,"name":"Home","item":"https:\/\/www.merkeslia.no\/"},{"@type":"ListItem","position":2,"name":"Framside"}]},{"@type":"WebSite","@id":"https:\/\/www.merkeslia.no\/#website","url":"https:\/\/www.merkeslia.no\/","name":"Merkeslia","description":"Makel\u00f8se Merkeslia","potentialAction":[{"@type":"SearchAction","target":{"@type":"EntryPoint","urlTemplate":"https:\/\/www.merkeslia.no\/?s={search_term_string}"},"query-input":{"@type":"PropertyValueSpecification","valueRequired":true,"valueName":"search_term_string"}}],"inLanguage":"en-US"}]}},"_links":{"self":[{"href":"https:\/\/www.merkeslia.no\/index.php\/wp-json\/wp\/v2\/pages\/7","targetHints":{"allow":["GET"]}}],"collection":[{"href":"https:\/\/www.merkeslia.no\/index.php\/wp-json\/wp\/v2\/pages"}],"about":[{"href":"https:\/\/www.merkeslia.no\/index.php\/wp-json\/wp\/v2\/types\/page"}],"author":[{"embeddable":true,"href":"https:\/\/www.merkeslia.no\/index.php\/wp-json\/wp\/v2\/users\/1"}],"replies":[{"embeddable":true,"href":"https:\/\/www.merkeslia.no\/index.php\/wp-json\/wp\/v2\/comments?post=7"}],"version-history":[{"count":164,"href":"https:\/\/www.merkeslia.no\/index.php\/wp-json\/wp\/v2\/pages\/7\/revisions"}],"predecessor-version":[{"id":1684,"href":"https:\/\/www.merkeslia.no\/index.php\/wp-json\/wp\/v2\/pages\/7\/revisions\/1684"}],"wp:attachment":[{"href":"https:\/\/www.merkeslia.no\/index.php\/wp-json\/wp\/v2\/media?parent=7"}],"curies":[{"name":"wp","href":"https:\/\/api.w.org\/{rel}","templated":true}]}}