{"id":204,"date":"2018-07-04T14:18:03","date_gmt":"2018-07-04T14:18:03","guid":{"rendered":"http:\/\/offcenit.no:9009\/?page_id=204"},"modified":"2024-04-18T13:04:07","modified_gmt":"2024-04-18T13:04:07","slug":"hoystandard-hytter","status":"publish","type":"page","link":"https:\/\/www.merkeslia.no\/index.php\/hoystandard-hytter\/","title":{"rendered":"H\u00f8ystandard hytter"},"content":{"rendered":"<p>[et_pb_section fb_built=&#8221;1&#8243; inner_shadow=&#8221;on&#8221; module_class=&#8221;top-bilde&#8221; _builder_version=&#8221;4.16&#8243; background_image=&#8221;https:\/\/www.merkeslia.no\/wp-content\/uploads\/2022\/01\/01Fasade_3-1.jpg&#8221; max_width_last_edited=&#8221;off|desktop&#8221; custom_padding=&#8221;0px|0px|145px|0px||&#8221; global_colors_info=&#8221;{}&#8221;][et_pb_row _builder_version=&#8221;4.16&#8243; module_alignment=&#8221;center&#8221; custom_padding=&#8221;0px|0px|47px|0px&#8221; global_colors_info=&#8221;{}&#8221;][et_pb_column type=&#8221;4_4&#8243; _builder_version=&#8221;4.16&#8243; custom_padding=&#8221;|||&#8221; global_colors_info=&#8221;{}&#8221; custom_padding__hover=&#8221;|||&#8221;][et_pb_text _builder_version=&#8221;4.16&#8243; text_font=&#8221;||||||||&#8221; background_layout=&#8221;dark&#8221; custom_padding=&#8221;116px|||||&#8221; global_colors_info=&#8221;{}&#8221;]<\/p>\n<h1 class=\"cover-tekst\">N\u00f8kkelklare h\u00f8ystandardhytter<\/h1>\n<p>[\/et_pb_text][\/et_pb_column][\/et_pb_row][et_pb_row column_structure=&#8221;1_2,1_2&#8243; module_id=&#8221;hytteknapper&#8221; _builder_version=&#8221;4.16&#8243; custom_padding=&#8221;|0px|27px|0px&#8221; global_colors_info=&#8221;{}&#8221;][et_pb_column type=&#8221;1_2&#8243; _builder_version=&#8221;4.16&#8243; custom_padding=&#8221;|||&#8221; global_colors_info=&#8221;{}&#8221; custom_padding__hover=&#8221;|||&#8221;][et_pb_button button_url=&#8221;\/index.php\/mikkelsenhytta\/&#8221; button_text=&#8221;Mikkelsenhytta&#8221; button_alignment=&#8221;center&#8221; _builder_version=&#8221;4.16&#8243; global_colors_info=&#8221;{}&#8221; button_text_size__hover_enabled=&#8221;off&#8221; button_one_text_size__hover_enabled=&#8221;off&#8221; button_two_text_size__hover_enabled=&#8221;off&#8221; button_text_color__hover_enabled=&#8221;off&#8221; button_one_text_color__hover_enabled=&#8221;off&#8221; button_two_text_color__hover_enabled=&#8221;off&#8221; button_border_width__hover_enabled=&#8221;off&#8221; button_one_border_width__hover_enabled=&#8221;off&#8221; button_two_border_width__hover_enabled=&#8221;off&#8221; button_border_color__hover_enabled=&#8221;off&#8221; button_one_border_color__hover_enabled=&#8221;off&#8221; button_two_border_color__hover_enabled=&#8221;off&#8221; button_border_radius__hover_enabled=&#8221;off&#8221; button_one_border_radius__hover_enabled=&#8221;off&#8221; button_two_border_radius__hover_enabled=&#8221;off&#8221; button_letter_spacing__hover_enabled=&#8221;off&#8221; button_one_letter_spacing__hover_enabled=&#8221;off&#8221; button_two_letter_spacing__hover_enabled=&#8221;off&#8221; button_bg_color__hover_enabled=&#8221;off&#8221; button_one_bg_color__hover_enabled=&#8221;off&#8221; button_two_bg_color__hover_enabled=&#8221;off&#8221;][\/et_pb_button][\/et_pb_column][et_pb_column type=&#8221;1_2&#8243; _builder_version=&#8221;4.16&#8243; custom_padding=&#8221;|||&#8221; global_colors_info=&#8221;{}&#8221; custom_padding__hover=&#8221;|||&#8221;][et_pb_button button_url=&#8221;\/index.php\/haugenhytta\/&#8221; button_text=&#8221;Haugenhytta&#8221; button_alignment=&#8221;center&#8221; _builder_version=&#8221;4.16&#8243; global_colors_info=&#8221;{}&#8221; button_text_size__hover_enabled=&#8221;off&#8221; button_one_text_size__hover_enabled=&#8221;off&#8221; button_two_text_size__hover_enabled=&#8221;off&#8221; button_text_color__hover_enabled=&#8221;off&#8221; button_one_text_color__hover_enabled=&#8221;off&#8221; button_two_text_color__hover_enabled=&#8221;off&#8221; button_border_width__hover_enabled=&#8221;off&#8221; button_one_border_width__hover_enabled=&#8221;off&#8221; button_two_border_width__hover_enabled=&#8221;off&#8221; button_border_color__hover_enabled=&#8221;off&#8221; button_one_border_color__hover_enabled=&#8221;off&#8221; button_two_border_color__hover_enabled=&#8221;off&#8221; button_border_radius__hover_enabled=&#8221;off&#8221; button_one_border_radius__hover_enabled=&#8221;off&#8221; button_two_border_radius__hover_enabled=&#8221;off&#8221; button_letter_spacing__hover_enabled=&#8221;off&#8221; button_one_letter_spacing__hover_enabled=&#8221;off&#8221; button_two_letter_spacing__hover_enabled=&#8221;off&#8221; button_bg_color__hover_enabled=&#8221;off&#8221; button_one_bg_color__hover_enabled=&#8221;off&#8221; button_two_bg_color__hover_enabled=&#8221;off&#8221;][\/et_pb_button][\/et_pb_column][\/et_pb_row][\/et_pb_section][et_pb_section fb_built=&#8221;1&#8243; _builder_version=&#8221;4.16&#8243; custom_padding=&#8221;54px|0px|36px|0px&#8221; global_colors_info=&#8221;{}&#8221;][et_pb_row _builder_version=&#8221;4.16&#8243; background_size=&#8221;initial&#8221; background_position=&#8221;top_left&#8221; background_repeat=&#8221;repeat&#8221; global_colors_info=&#8221;{}&#8221;][et_pb_column type=&#8221;4_4&#8243; _builder_version=&#8221;4.16&#8243; custom_padding=&#8221;|||&#8221; global_colors_info=&#8221;{}&#8221; custom_padding__hover=&#8221;|||&#8221;][et_pb_text _builder_version=&#8221;4.16&#8243; global_colors_info=&#8221;{}&#8221;]<\/p>\n<h2>Lokalt h\u00e5ndverk fra f\u00f8rste spadetak til siste spiker<\/h2>\n<p>\u00a0<\/p>\n<p>I Merkeslia samarbeider vi med en rekke lokale h\u00e5ndverkere og byggmestere\u00a0<span>\u2013 b\u00e5de fordi vi selv vil st\u00e5 inne for kvaliteten og for at du skal f\u00e5 akkurat den hytta du har \u00f8nsket deg. Vi bygger akkurat den hytta du \u00f8nsker deg &#8211; men har noen favoritter blant b\u00e5de hytter og samarbeidspartnere som vi gjerne vil vise deg.<\/span><\/p>\n<p>[\/et_pb_text][\/et_pb_column][\/et_pb_row][\/et_pb_section][et_pb_section fb_built=&#8221;1&#8243; disabled_on=&#8221;on|on|off&#8221; module_id=&#8221;desktopseksjon&#8221; _builder_version=&#8221;4.16&#8243; custom_padding=&#8221;0px|0px|0px|0px&#8221; global_colors_info=&#8221;{}&#8221;][\/et_pb_section][et_pb_section fb_built=&#8221;1&#8243; _builder_version=&#8221;4.16&#8243; custom_padding=&#8221;0px|0px|46px|0px&#8221; global_colors_info=&#8221;{}&#8221;][et_pb_row column_structure=&#8221;1_3,1_3,1_3&#8243; make_equal=&#8221;on&#8221; module_id=&#8221;hytterad&#8221; module_class=&#8221;infra-rad&#8221; _builder_version=&#8221;4.16&#8243; custom_padding=&#8221;27px|0px|27px|0px&#8221; use_custom_width=&#8221;on&#8221; width_unit=&#8221;off&#8221; custom_width_percent=&#8221;89%&#8221; global_colors_info=&#8221;{}&#8221;][et_pb_column type=&#8221;1_3&#8243; _builder_version=&#8221;4.16&#8243; custom_padding=&#8221;|||&#8221; global_colors_info=&#8221;{}&#8221; custom_padding__hover=&#8221;|||&#8221;][et_pb_image src=&#8221;\/wp-content\/uploads\/2018\/07\/3733020_1-b.jpg&#8221; show_bottom_space=&#8221;off&#8221; align_tablet=&#8221;center&#8221; align_phone=&#8221;&#8221; align_last_edited=&#8221;on|desktop&#8221; _builder_version=&#8221;4.16&#8243; custom_margin=&#8221;||0px|&#8221; global_colors_info=&#8221;{}&#8221;][\/et_pb_image][et_pb_text _builder_version=&#8221;4.16&#8243; global_colors_info=&#8221;{}&#8221;]<\/p>\n<h3>Mikkelsenhytta<\/h3>\n<p>Lokal klassiker som byggmestere fra Valdres tidligere har bygd p\u00e5 nabofeltet Bergateigen. Mikkelsenhytta leveres i to st\u00f8rrelser.<\/p>\n<p>[\/et_pb_text][et_pb_button button_url=&#8221;\/index.php\/mikkelsenhytta\/&#8221; button_text=&#8221;Bilder og plantegninger&#8221; _builder_version=&#8221;4.16&#8243; box_shadow_style=&#8221;preset2&#8243; global_colors_info=&#8221;{}&#8221; button_text_size__hover_enabled=&#8221;off&#8221; button_one_text_size__hover_enabled=&#8221;off&#8221; button_two_text_size__hover_enabled=&#8221;off&#8221; button_text_color__hover_enabled=&#8221;off&#8221; button_one_text_color__hover_enabled=&#8221;off&#8221; button_two_text_color__hover_enabled=&#8221;off&#8221; button_border_width__hover_enabled=&#8221;off&#8221; button_one_border_width__hover_enabled=&#8221;off&#8221; button_two_border_width__hover_enabled=&#8221;off&#8221; button_border_color__hover_enabled=&#8221;off&#8221; button_one_border_color__hover_enabled=&#8221;off&#8221; button_two_border_color__hover_enabled=&#8221;off&#8221; button_border_radius__hover_enabled=&#8221;off&#8221; button_one_border_radius__hover_enabled=&#8221;off&#8221; button_two_border_radius__hover_enabled=&#8221;off&#8221; button_letter_spacing__hover_enabled=&#8221;off&#8221; button_one_letter_spacing__hover_enabled=&#8221;off&#8221; button_two_letter_spacing__hover_enabled=&#8221;off&#8221; button_bg_color__hover_enabled=&#8221;off&#8221; button_one_bg_color__hover_enabled=&#8221;off&#8221; button_two_bg_color__hover_enabled=&#8221;off&#8221;][\/et_pb_button][\/et_pb_column][et_pb_column type=&#8221;1_3&#8243; _builder_version=&#8221;4.16&#8243; custom_padding=&#8221;|||&#8221; global_colors_info=&#8221;{}&#8221; custom_padding__hover=&#8221;|||&#8221;][et_pb_image src=&#8221;\/wp-content\/uploads\/2018\/07\/3519295_1-b.jpg&#8221; show_bottom_space=&#8221;off&#8221; align_tablet=&#8221;center&#8221; align_phone=&#8221;&#8221; align_last_edited=&#8221;on|desktop&#8221; _builder_version=&#8221;4.16&#8243; hover_enabled=&#8221;0&#8243; global_colors_info=&#8221;{}&#8221; sticky_enabled=&#8221;0&#8243;][\/et_pb_image][et_pb_text _builder_version=&#8221;4.16&#8243; global_colors_info=&#8221;{}&#8221;]<\/p>\n<h3>Haugenhytta<\/h3>\n<p><span>Byggmester Kjell Ove Halvorsen fra Tisleidalen er mesteren bak denne innholdsrike og prisgunstige h\u00f8ystandardhytta.\u00a0<\/span><\/p>\n<p><span><\/span><\/p>\n<p>[\/et_pb_text][et_pb_button button_url=&#8221;\/index.php\/haugenhytta\/&#8221; button_text=&#8221;Bilder og plantegninger&#8221; _builder_version=&#8221;4.16&#8243; global_colors_info=&#8221;{}&#8221; button_text_size__hover_enabled=&#8221;off&#8221; button_one_text_size__hover_enabled=&#8221;off&#8221; button_two_text_size__hover_enabled=&#8221;off&#8221; button_text_color__hover_enabled=&#8221;off&#8221; button_one_text_color__hover_enabled=&#8221;off&#8221; button_two_text_color__hover_enabled=&#8221;off&#8221; button_border_width__hover_enabled=&#8221;off&#8221; button_one_border_width__hover_enabled=&#8221;off&#8221; button_two_border_width__hover_enabled=&#8221;off&#8221; button_border_color__hover_enabled=&#8221;off&#8221; button_one_border_color__hover_enabled=&#8221;off&#8221; button_two_border_color__hover_enabled=&#8221;off&#8221; button_border_radius__hover_enabled=&#8221;off&#8221; button_one_border_radius__hover_enabled=&#8221;off&#8221; button_two_border_radius__hover_enabled=&#8221;off&#8221; button_letter_spacing__hover_enabled=&#8221;off&#8221; button_one_letter_spacing__hover_enabled=&#8221;off&#8221; button_two_letter_spacing__hover_enabled=&#8221;off&#8221; button_bg_color__hover_enabled=&#8221;off&#8221; button_one_bg_color__hover_enabled=&#8221;off&#8221; button_two_bg_color__hover_enabled=&#8221;off&#8221;][\/et_pb_button][\/et_pb_column][et_pb_column type=&#8221;1_3&#8243; _builder_version=&#8221;4.16&#8243; custom_padding=&#8221;|||&#8221; global_colors_info=&#8221;{}&#8221; custom_padding__hover=&#8221;|||&#8221;][et_pb_image src=&#8221;https:\/\/www.merkeslia.no\/wp-content\/uploads\/2024\/04\/364_6b30ec1c-c1e8-4eef-a346-e84fe6b15c29.jpg&#8221; show_bottom_space=&#8221;off&#8221; align_tablet=&#8221;center&#8221; align_phone=&#8221;&#8221; align_last_edited=&#8221;on|desktop&#8221; _builder_version=&#8221;4.24.2&#8243; hover_enabled=&#8221;0&#8243; global_colors_info=&#8221;{}&#8221; title_text=&#8221;364_6b30ec1c-c1e8-4eef-a346-e84fe6b15c29&#8243; sticky_enabled=&#8221;0&#8243;][\/et_pb_image][et_pb_text _builder_version=&#8221;4.24.2&#8243; hover_enabled=&#8221;0&#8243; global_colors_info=&#8221;{}&#8221; sticky_enabled=&#8221;0&#8243;]<\/p>\n<h3>I Merkeslia samarbeider vi med Valdreshytter og Tinde Hytter.<\/h3>\n<p>Tinde Hytter har prospekt p\u00e5 2 nye hytter i feltet og som ligger ute p\u00e5 finn.[\/et_pb_text][et_pb_button button_url=&#8221;https:\/\/www.finn.no\/realestate\/leisuresale\/ad.html?finnkode=284724364&#8243; url_new_window=&#8221;on&#8221; button_text=&#8221;Hytte 1&#8243; _builder_version=&#8221;4.24.2&#8243; hover_enabled=&#8221;0&#8243; box_shadow_style=&#8221;preset2&#8243; global_colors_info=&#8221;{}&#8221; button_text_size__hover_enabled=&#8221;off&#8221; button_one_text_size__hover_enabled=&#8221;off&#8221; button_two_text_size__hover_enabled=&#8221;off&#8221; button_text_color__hover_enabled=&#8221;off&#8221; button_one_text_color__hover_enabled=&#8221;off&#8221; button_two_text_color__hover_enabled=&#8221;off&#8221; button_border_width__hover_enabled=&#8221;off&#8221; button_one_border_width__hover_enabled=&#8221;off&#8221; button_two_border_width__hover_enabled=&#8221;off&#8221; button_border_color__hover_enabled=&#8221;off&#8221; button_one_border_color__hover_enabled=&#8221;off&#8221; button_two_border_color__hover_enabled=&#8221;off&#8221; button_border_radius__hover_enabled=&#8221;off&#8221; button_one_border_radius__hover_enabled=&#8221;off&#8221; button_two_border_radius__hover_enabled=&#8221;off&#8221; button_letter_spacing__hover_enabled=&#8221;off&#8221; button_one_letter_spacing__hover_enabled=&#8221;off&#8221; button_two_letter_spacing__hover_enabled=&#8221;off&#8221; button_bg_color__hover_enabled=&#8221;off&#8221; button_one_bg_color__hover_enabled=&#8221;off&#8221; button_two_bg_color__hover_enabled=&#8221;off&#8221; sticky_enabled=&#8221;0&#8243;][\/et_pb_button][et_pb_button button_url=&#8221;https:\/\/www.finn.no\/realestate\/leisuresale\/ad.html?finnkode=260543789&#8243; url_new_window=&#8221;on&#8221; button_text=&#8221;Hytte 2&#8243; _builder_version=&#8221;4.24.2&#8243; hover_enabled=&#8221;0&#8243; box_shadow_style=&#8221;preset2&#8243; global_colors_info=&#8221;{}&#8221; button_text_size__hover_enabled=&#8221;off&#8221; button_one_text_size__hover_enabled=&#8221;off&#8221; button_two_text_size__hover_enabled=&#8221;off&#8221; button_text_color__hover_enabled=&#8221;off&#8221; button_one_text_color__hover_enabled=&#8221;off&#8221; button_two_text_color__hover_enabled=&#8221;off&#8221; button_border_width__hover_enabled=&#8221;off&#8221; button_one_border_width__hover_enabled=&#8221;off&#8221; button_two_border_width__hover_enabled=&#8221;off&#8221; button_border_color__hover_enabled=&#8221;off&#8221; button_one_border_color__hover_enabled=&#8221;off&#8221; button_two_border_color__hover_enabled=&#8221;off&#8221; button_border_radius__hover_enabled=&#8221;off&#8221; button_one_border_radius__hover_enabled=&#8221;off&#8221; button_two_border_radius__hover_enabled=&#8221;off&#8221; button_letter_spacing__hover_enabled=&#8221;off&#8221; button_one_letter_spacing__hover_enabled=&#8221;off&#8221; button_two_letter_spacing__hover_enabled=&#8221;off&#8221; button_bg_color__hover_enabled=&#8221;off&#8221; button_one_bg_color__hover_enabled=&#8221;off&#8221; button_two_bg_color__hover_enabled=&#8221;off&#8221; sticky_enabled=&#8221;0&#8243;][\/et_pb_button][\/et_pb_column][\/et_pb_row][et_pb_row _builder_version=&#8221;4.16&#8243; global_colors_info=&#8221;{}&#8221;][et_pb_column type=&#8221;4_4&#8243; _builder_version=&#8221;4.16&#8243; custom_padding=&#8221;|||&#8221; global_colors_info=&#8221;{}&#8221; custom_padding__hover=&#8221;|||&#8221;][et_pb_text _builder_version=&#8221;4.16&#8243; global_colors_info=&#8221;{}&#8221;]<\/p>\n<h2>&#8230;og oss m<span>\u00f8<\/span>ter du i makel<span>\u00f8<\/span>se Tisleidalen<\/h2>\n<p>&nbsp;<\/p>\n<p>Makel<span>\u00f8<\/span>se Merkeslia har vi kalt hyttefeltet du n\u00e5 kikker p\u00e5, og \u00e9n ting skal du vite: For \u00e5 levere kvalitet og h\u00e5ndverk som lever opp til b\u00e5de navnet og omgivelsene, er vi i sving i Merkeslia og vakre Tisleidalen b\u00e5de seint og tidlig.<\/p>\n<p>Tar du turen til fjells viser vi deg gjerne hva hyttefeltet, nabolaget og de dyktige h\u00e5ndverkerne vi samarbeider med har \u00e5 by p\u00e5. Vil du tenke deg bedre om f<span>\u00f8rst s\u00e5 finner du forh\u00e5pentligvis interessant info om b\u00e5de Merkeslia oss her inne p\u00e5 nettsiden.\u00a0<\/span><\/p>\n<p style=\"text-align: right;\"><strong>Hilsen hytteutvikler Jan, entrepren\u00f8r Ola og megler Oddny<\/strong><\/p>\n<p>[\/et_pb_text][et_pb_button button_url=&#8221;\/index.php\/om-oss\/#byggherrene&#8221; button_text=&#8221;Byggherrene Ola og Jan&#8221; button_alignment=&#8221;center&#8221; _builder_version=&#8221;4.16&#8243; box_shadow_style=&#8221;preset2&#8243; global_colors_info=&#8221;{}&#8221; button_text_size__hover_enabled=&#8221;off&#8221; button_one_text_size__hover_enabled=&#8221;off&#8221; button_two_text_size__hover_enabled=&#8221;off&#8221; button_text_color__hover_enabled=&#8221;off&#8221; button_one_text_color__hover_enabled=&#8221;off&#8221; button_two_text_color__hover_enabled=&#8221;off&#8221; button_border_width__hover_enabled=&#8221;off&#8221; button_one_border_width__hover_enabled=&#8221;off&#8221; button_two_border_width__hover_enabled=&#8221;off&#8221; button_border_color__hover_enabled=&#8221;off&#8221; button_one_border_color__hover_enabled=&#8221;off&#8221; button_two_border_color__hover_enabled=&#8221;off&#8221; button_border_radius__hover_enabled=&#8221;off&#8221; button_one_border_radius__hover_enabled=&#8221;off&#8221; button_two_border_radius__hover_enabled=&#8221;off&#8221; button_letter_spacing__hover_enabled=&#8221;off&#8221; button_one_letter_spacing__hover_enabled=&#8221;off&#8221; button_two_letter_spacing__hover_enabled=&#8221;off&#8221; button_bg_color__hover_enabled=&#8221;off&#8221; button_one_bg_color__hover_enabled=&#8221;off&#8221; button_two_bg_color__hover_enabled=&#8221;off&#8221;][\/et_pb_button][et_pb_button button_url=&#8221;\/index.php\/om-oss\/#megler&#8221; button_text=&#8221;Hyttemegler Oddny i Aktiv Valdres&#8221; button_alignment=&#8221;center&#8221; _builder_version=&#8221;4.16&#8243; custom_css_main_element=&#8221;display:inline-block;&#8221; box_shadow_style=&#8221;preset2&#8243; global_colors_info=&#8221;{}&#8221; button_text_size__hover_enabled=&#8221;off&#8221; button_one_text_size__hover_enabled=&#8221;off&#8221; button_two_text_size__hover_enabled=&#8221;off&#8221; button_text_color__hover_enabled=&#8221;off&#8221; button_one_text_color__hover_enabled=&#8221;off&#8221; button_two_text_color__hover_enabled=&#8221;off&#8221; button_border_width__hover_enabled=&#8221;off&#8221; button_one_border_width__hover_enabled=&#8221;off&#8221; button_two_border_width__hover_enabled=&#8221;off&#8221; button_border_color__hover_enabled=&#8221;off&#8221; button_one_border_color__hover_enabled=&#8221;off&#8221; button_two_border_color__hover_enabled=&#8221;off&#8221; button_border_radius__hover_enabled=&#8221;off&#8221; button_one_border_radius__hover_enabled=&#8221;off&#8221; button_two_border_radius__hover_enabled=&#8221;off&#8221; button_letter_spacing__hover_enabled=&#8221;off&#8221; button_one_letter_spacing__hover_enabled=&#8221;off&#8221; button_two_letter_spacing__hover_enabled=&#8221;off&#8221; button_bg_color__hover_enabled=&#8221;off&#8221; button_one_bg_color__hover_enabled=&#8221;off&#8221; button_two_bg_color__hover_enabled=&#8221;off&#8221;][\/et_pb_button][\/et_pb_column][\/et_pb_row][\/et_pb_section]<\/p>\n","protected":false},"excerpt":{"rendered":"<p>N\u00f8kkelklare h\u00f8ystandardhytter Lokalt h\u00e5ndverk fra f\u00f8rste spadetak til siste spiker \u00a0 I Merkeslia samarbeider vi med en rekke lokale h\u00e5ndverkere og byggmestere\u00a0\u2013 b\u00e5de fordi vi selv vil st\u00e5 inne for kvaliteten og for at du skal f\u00e5 akkurat den hytta du har \u00f8nsket deg. Vi bygger akkurat den hytta du \u00f8nsker deg &#8211; men har [&hellip;]<\/p>\n","protected":false},"author":1,"featured_media":0,"parent":0,"menu_order":0,"comment_status":"closed","ping_status":"closed","template":"","meta":{"_et_pb_use_builder":"on","_et_pb_old_content":"","_et_gb_content_width":"","footnotes":""},"class_list":["post-204","page","type-page","status-publish","hentry"],"yoast_head":"<!-- This site is optimized with the Yoast SEO plugin v27.1 - https:\/\/yoast.com\/product\/yoast-seo-wordpress\/ -->\n<title>H\u00f8ystandard hytter | Makel\u00f8se Merkeslia Hyttefelt i Valdres<\/title>\n<meta name=\"description\" content=\"Dersom du ikke vil begynne med en tom tomt, men heller vil ha en hytte klar for inflytting, har vi h\u00f8ystandard hytter. Disse st\u00e5r n\u00f8kkelklare til deg.\" \/>\n<meta name=\"robots\" content=\"index, follow, max-snippet:-1, max-image-preview:large, max-video-preview:-1\" \/>\n<link rel=\"canonical\" href=\"https:\/\/www.merkeslia.no\/index.php\/hoystandard-hytter\/\" \/>\n<meta property=\"og:locale\" content=\"en_US\" \/>\n<meta property=\"og:type\" content=\"article\" \/>\n<meta property=\"og:title\" content=\"H\u00f8ystandard hytter | Makel\u00f8se Merkeslia Hyttefelt i Valdres\" \/>\n<meta property=\"og:description\" content=\"Dersom du ikke vil begynne med en tom tomt, men heller vil ha en hytte klar for inflytting, har vi h\u00f8ystandard hytter. Disse st\u00e5r n\u00f8kkelklare til deg.\" \/>\n<meta property=\"og:url\" content=\"https:\/\/www.merkeslia.no\/index.php\/hoystandard-hytter\/\" \/>\n<meta property=\"og:site_name\" content=\"Merkeslia\" \/>\n<meta property=\"article:publisher\" content=\"https:\/\/www.facebook.com\/merkeslia\/\" \/>\n<meta property=\"article:modified_time\" content=\"2024-04-18T13:04:07+00:00\" \/>\n<meta name=\"twitter:card\" content=\"summary_large_image\" \/>\n<meta name=\"twitter:label1\" content=\"Est. reading time\" \/>\n\t<meta name=\"twitter:data1\" content=\"2 minutes\" \/>\n<script type=\"application\/ld+json\" class=\"yoast-schema-graph\">{\"@context\":\"https:\/\/schema.org\",\"@graph\":[{\"@type\":\"WebPage\",\"@id\":\"https:\/\/www.merkeslia.no\/index.php\/hoystandard-hytter\/\",\"url\":\"https:\/\/www.merkeslia.no\/index.php\/hoystandard-hytter\/\",\"name\":\"H\u00f8ystandard hytter | Makel\u00f8se Merkeslia Hyttefelt i Valdres\",\"isPartOf\":{\"@id\":\"https:\/\/www.merkeslia.no\/#website\"},\"datePublished\":\"2018-07-04T14:18:03+00:00\",\"dateModified\":\"2024-04-18T13:04:07+00:00\",\"description\":\"Dersom du ikke vil begynne med en tom tomt, men heller vil ha en hytte klar for inflytting, har vi h\u00f8ystandard hytter. Disse st\u00e5r n\u00f8kkelklare til deg.\",\"breadcrumb\":{\"@id\":\"https:\/\/www.merkeslia.no\/index.php\/hoystandard-hytter\/#breadcrumb\"},\"inLanguage\":\"en-US\",\"potentialAction\":[{\"@type\":\"ReadAction\",\"target\":[\"https:\/\/www.merkeslia.no\/index.php\/hoystandard-hytter\/\"]}]},{\"@type\":\"BreadcrumbList\",\"@id\":\"https:\/\/www.merkeslia.no\/index.php\/hoystandard-hytter\/#breadcrumb\",\"itemListElement\":[{\"@type\":\"ListItem\",\"position\":1,\"name\":\"Home\",\"item\":\"https:\/\/www.merkeslia.no\/\"},{\"@type\":\"ListItem\",\"position\":2,\"name\":\"H\u00f8ystandard hytter\"}]},{\"@type\":\"WebSite\",\"@id\":\"https:\/\/www.merkeslia.no\/#website\",\"url\":\"https:\/\/www.merkeslia.no\/\",\"name\":\"Merkeslia\",\"description\":\"Makel\u00f8se Merkeslia\",\"potentialAction\":[{\"@type\":\"SearchAction\",\"target\":{\"@type\":\"EntryPoint\",\"urlTemplate\":\"https:\/\/www.merkeslia.no\/?s={search_term_string}\"},\"query-input\":{\"@type\":\"PropertyValueSpecification\",\"valueRequired\":true,\"valueName\":\"search_term_string\"}}],\"inLanguage\":\"en-US\"}]}<\/script>\n<!-- \/ Yoast SEO plugin. -->","yoast_head_json":{"title":"H\u00f8ystandard hytter | Makel\u00f8se Merkeslia Hyttefelt i Valdres","description":"Dersom du ikke vil begynne med en tom tomt, men heller vil ha en hytte klar for inflytting, har vi h\u00f8ystandard hytter. Disse st\u00e5r n\u00f8kkelklare til deg.","robots":{"index":"index","follow":"follow","max-snippet":"max-snippet:-1","max-image-preview":"max-image-preview:large","max-video-preview":"max-video-preview:-1"},"canonical":"https:\/\/www.merkeslia.no\/index.php\/hoystandard-hytter\/","og_locale":"en_US","og_type":"article","og_title":"H\u00f8ystandard hytter | Makel\u00f8se Merkeslia Hyttefelt i Valdres","og_description":"Dersom du ikke vil begynne med en tom tomt, men heller vil ha en hytte klar for inflytting, har vi h\u00f8ystandard hytter. Disse st\u00e5r n\u00f8kkelklare til deg.","og_url":"https:\/\/www.merkeslia.no\/index.php\/hoystandard-hytter\/","og_site_name":"Merkeslia","article_publisher":"https:\/\/www.facebook.com\/merkeslia\/","article_modified_time":"2024-04-18T13:04:07+00:00","twitter_card":"summary_large_image","twitter_misc":{"Est. reading time":"2 minutes"},"schema":{"@context":"https:\/\/schema.org","@graph":[{"@type":"WebPage","@id":"https:\/\/www.merkeslia.no\/index.php\/hoystandard-hytter\/","url":"https:\/\/www.merkeslia.no\/index.php\/hoystandard-hytter\/","name":"H\u00f8ystandard hytter | Makel\u00f8se Merkeslia Hyttefelt i Valdres","isPartOf":{"@id":"https:\/\/www.merkeslia.no\/#website"},"datePublished":"2018-07-04T14:18:03+00:00","dateModified":"2024-04-18T13:04:07+00:00","description":"Dersom du ikke vil begynne med en tom tomt, men heller vil ha en hytte klar for inflytting, har vi h\u00f8ystandard hytter. Disse st\u00e5r n\u00f8kkelklare til deg.","breadcrumb":{"@id":"https:\/\/www.merkeslia.no\/index.php\/hoystandard-hytter\/#breadcrumb"},"inLanguage":"en-US","potentialAction":[{"@type":"ReadAction","target":["https:\/\/www.merkeslia.no\/index.php\/hoystandard-hytter\/"]}]},{"@type":"BreadcrumbList","@id":"https:\/\/www.merkeslia.no\/index.php\/hoystandard-hytter\/#breadcrumb","itemListElement":[{"@type":"ListItem","position":1,"name":"Home","item":"https:\/\/www.merkeslia.no\/"},{"@type":"ListItem","position":2,"name":"H\u00f8ystandard hytter"}]},{"@type":"WebSite","@id":"https:\/\/www.merkeslia.no\/#website","url":"https:\/\/www.merkeslia.no\/","name":"Merkeslia","description":"Makel\u00f8se Merkeslia","potentialAction":[{"@type":"SearchAction","target":{"@type":"EntryPoint","urlTemplate":"https:\/\/www.merkeslia.no\/?s={search_term_string}"},"query-input":{"@type":"PropertyValueSpecification","valueRequired":true,"valueName":"search_term_string"}}],"inLanguage":"en-US"}]}},"_links":{"self":[{"href":"https:\/\/www.merkeslia.no\/index.php\/wp-json\/wp\/v2\/pages\/204","targetHints":{"allow":["GET"]}}],"collection":[{"href":"https:\/\/www.merkeslia.no\/index.php\/wp-json\/wp\/v2\/pages"}],"about":[{"href":"https:\/\/www.merkeslia.no\/index.php\/wp-json\/wp\/v2\/types\/page"}],"author":[{"embeddable":true,"href":"https:\/\/www.merkeslia.no\/index.php\/wp-json\/wp\/v2\/users\/1"}],"replies":[{"embeddable":true,"href":"https:\/\/www.merkeslia.no\/index.php\/wp-json\/wp\/v2\/comments?post=204"}],"version-history":[{"count":100,"href":"https:\/\/www.merkeslia.no\/index.php\/wp-json\/wp\/v2\/pages\/204\/revisions"}],"predecessor-version":[{"id":1666,"href":"https:\/\/www.merkeslia.no\/index.php\/wp-json\/wp\/v2\/pages\/204\/revisions\/1666"}],"wp:attachment":[{"href":"https:\/\/www.merkeslia.no\/index.php\/wp-json\/wp\/v2\/media?parent=204"}],"curies":[{"name":"wp","href":"https:\/\/api.w.org\/{rel}","templated":true}]}}