{"id":192,"date":"2018-07-04T12:36:25","date_gmt":"2018-07-04T12:36:25","guid":{"rendered":"http:\/\/offcenit.no:9009\/?page_id=192"},"modified":"2026-03-13T08:28:14","modified_gmt":"2026-03-13T08:28:14","slug":"hyttetomter","status":"publish","type":"page","link":"https:\/\/www.merkeslia.no\/index.php\/hyttetomter\/","title":{"rendered":"Hyttetomter"},"content":{"rendered":"<p>[et_pb_section fb_built=&#8221;1&#8243; inner_shadow=&#8221;on&#8221; module_class=&#8221;top-bilde&#8221; _builder_version=&#8221;4.16&#8243; background_image=&#8221;https:\/\/www.merkeslia.no\/wp-content\/uploads\/2022\/01\/01Fasade_37.jpg&#8221; max_width_last_edited=&#8221;off|desktop&#8221; custom_padding=&#8221;0px|0px|62px|0px&#8221; global_colors_info=&#8221;{}&#8221;][et_pb_row module_id=&#8221;tomtecover&#8221; _builder_version=&#8221;4.16&#8243; module_alignment=&#8221;center&#8221; custom_padding=&#8221;0px|0px|160px|0px||&#8221; global_colors_info=&#8221;{}&#8221;][et_pb_column type=&#8221;4_4&#8243; _builder_version=&#8221;4.16&#8243; custom_padding=&#8221;|||&#8221; global_colors_info=&#8221;{}&#8221; custom_padding__hover=&#8221;|||&#8221;][et_pb_text _builder_version=&#8221;4.16&#8243; text_font=&#8221;||||||||&#8221; background_layout=&#8221;dark&#8221; global_colors_info=&#8221;{}&#8221;]<\/p>\n<h1 class=\"cover-tekst\">Hyttetomter<\/h1>\n<h1 class=\"cover-tekst\">med fritt utsyn, lang solgang, h\u00f8y himmel og god tumleplass<\/h1>\n<p>[\/et_pb_text][et_pb_button button_url=&#8221;https:\/\/aktiv.no\/prospekt?id=886a3-68916-8a602-1d25b-18663-deab2-4da42-9cf3f&#8221; button_text=&#8221;Prospekt byggeklare hyttetomter&#8221; button_alignment=&#8221;center&#8221; _builder_version=&#8221;4.27.2&#8243; global_colors_info=&#8221;{}&#8221; button_text_size__hover_enabled=&#8221;off&#8221; button_one_text_size__hover_enabled=&#8221;off&#8221; button_two_text_size__hover_enabled=&#8221;off&#8221; button_text_color__hover_enabled=&#8221;off&#8221; button_one_text_color__hover_enabled=&#8221;off&#8221; button_two_text_color__hover_enabled=&#8221;off&#8221; button_border_width__hover_enabled=&#8221;off&#8221; button_one_border_width__hover_enabled=&#8221;off&#8221; button_two_border_width__hover_enabled=&#8221;off&#8221; button_border_color__hover_enabled=&#8221;off&#8221; button_one_border_color__hover_enabled=&#8221;off&#8221; button_two_border_color__hover_enabled=&#8221;off&#8221; button_border_radius__hover_enabled=&#8221;off&#8221; button_one_border_radius__hover_enabled=&#8221;off&#8221; button_two_border_radius__hover_enabled=&#8221;off&#8221; button_letter_spacing__hover_enabled=&#8221;off&#8221; button_one_letter_spacing__hover_enabled=&#8221;off&#8221; button_two_letter_spacing__hover_enabled=&#8221;off&#8221; button_bg_color__hover_enabled=&#8221;off&#8221; button_one_bg_color__hover_enabled=&#8221;off&#8221; button_two_bg_color__hover_enabled=&#8221;off&#8221;][\/et_pb_button][et_pb_button button_url=&#8221;https:\/\/www.merkeslia.no\/wp-content\/uploads\/2026\/03\/Merkeslia-Hyttefelt-Prislist-pr.-10.02.2026.pdf&#8221; button_text=&#8221;Tomtekart med prisliste&#8221; button_alignment=&#8221;center&#8221; _builder_version=&#8221;4.27.6&#8243; hover_enabled=&#8221;0&#8243; global_colors_info=&#8221;{}&#8221; button_text_size__hover_enabled=&#8221;off&#8221; button_one_text_size__hover_enabled=&#8221;off&#8221; button_two_text_size__hover_enabled=&#8221;off&#8221; button_text_color__hover_enabled=&#8221;off&#8221; button_one_text_color__hover_enabled=&#8221;off&#8221; button_two_text_color__hover_enabled=&#8221;off&#8221; button_border_width__hover_enabled=&#8221;off&#8221; button_one_border_width__hover_enabled=&#8221;off&#8221; button_two_border_width__hover_enabled=&#8221;off&#8221; button_border_color__hover_enabled=&#8221;off&#8221; button_one_border_color__hover_enabled=&#8221;off&#8221; button_two_border_color__hover_enabled=&#8221;off&#8221; button_border_radius__hover_enabled=&#8221;off&#8221; button_one_border_radius__hover_enabled=&#8221;off&#8221; button_two_border_radius__hover_enabled=&#8221;off&#8221; button_letter_spacing__hover_enabled=&#8221;off&#8221; button_one_letter_spacing__hover_enabled=&#8221;off&#8221; button_two_letter_spacing__hover_enabled=&#8221;off&#8221; button_bg_color__hover_enabled=&#8221;off&#8221; button_one_bg_color__hover_enabled=&#8221;off&#8221; button_two_bg_color__hover_enabled=&#8221;off&#8221; sticky_enabled=&#8221;0&#8243;][\/et_pb_button][\/et_pb_column][\/et_pb_row][\/et_pb_section][et_pb_section fb_built=&#8221;1&#8243; module_id=&#8221;hyttetomt-seksjon&#8221; _builder_version=&#8221;4.16&#8243; custom_padding=&#8221;54px|0px|33px|0px&#8221; custom_css_main_element=&#8221;height:100%;||&#8221; global_colors_info=&#8221;{}&#8221;][et_pb_row _builder_version=&#8221;4.16&#8243; background_size=&#8221;initial&#8221; background_position=&#8221;top_left&#8221; background_repeat=&#8221;repeat&#8221; module_alignment=&#8221;center&#8221; global_colors_info=&#8221;{}&#8221;][et_pb_column type=&#8221;4_4&#8243; _builder_version=&#8221;4.16&#8243; custom_padding=&#8221;|||&#8221; global_colors_info=&#8221;{}&#8221; custom_padding__hover=&#8221;|||&#8221;][et_pb_text _builder_version=&#8221;4.16&#8243; text_font=&#8221;||||||||&#8221; header_font=&#8221;||||||||&#8221; global_colors_info=&#8221;{}&#8221;]<\/p>\n<h2 style=\"text-align: center;\">\u00a0 \u00a0 Byggeklare fjelltomter\u00a0 \u00a0 \u00a0kun 2,5 timer fra byen<\/h2>\n<p>\u00a0<\/p>\n<p style=\"text-align: center;\"><strong>Vil du bygge dr\u00f8mmehytta selv fra grunnen s\u00e5 ligger alt klart i Merkeslia.<\/strong><\/p>\n<p style=\"text-align: center;\">Vei, vann, kloakk og str\u00f8m er ferdig anlagt og de frittliggende hyttetomtene byggeklare. De f\u00f8rste naboene er faktisk allerede kommet under tak.<\/p>\n<p style=\"text-align: center;\">Her finner du oversikt over tomter med areal,\u00a0 priser og status, samt infrastruktur og byggeforskrifter.\u00a0<\/p>\n<p>\u00a0<\/p>\n<p>[\/et_pb_text][\/et_pb_column][\/et_pb_row][\/et_pb_section][et_pb_section fb_built=&#8221;1&#8243; _builder_version=&#8221;4.16&#8243; global_colors_info=&#8221;{}&#8221;][et_pb_row module_id=&#8221;pris-rad&#8221; _builder_version=&#8221;4.16&#8243; custom_padding=&#8221;0px|0px|0px|0px&#8221; global_colors_info=&#8221;{}&#8221;][et_pb_column type=&#8221;4_4&#8243; _builder_version=&#8221;4.16&#8243; custom_padding=&#8221;|||&#8221; global_colors_info=&#8221;{}&#8221; custom_padding__hover=&#8221;|||&#8221;][et_pb_text _builder_version=&#8221;4.16&#8243; text_font=&#8221;||||||||&#8221; header_font=&#8221;||||||||&#8221; custom_margin=&#8221;||0px|&#8221; global_colors_info=&#8221;{}&#8221;]<\/p>\n<h2 style=\"text-align: center;\">Tomter og priser<\/h2>\n<p>[\/et_pb_text][et_pb_button button_url=&#8221;https:\/\/www.merkeslia.no\/wp-content\/uploads\/2026\/03\/Merkeslia-Hyttefelt-Prislist-pr.-10.02.2026.pdf&#8221; button_text=&#8221;Last ned tomtekart med areal og priser&#8221; button_alignment=&#8221;center&#8221; _builder_version=&#8221;4.27.6&#8243; custom_button=&#8221;on&#8221; button_text_size=&#8221;16px&#8221; button_border_width=&#8221;0px&#8221; button_font=&#8221;||||||||&#8221; custom_margin=&#8221;0px|||&#8221; custom_padding=&#8221;|||&#8221; hover_enabled=&#8221;0&#8243; custom_css_main_element=&#8221;font-weight:600;||margin:0 auto;||border:solid 1px black&#8221; box_shadow_style=&#8221;preset2&#8243; button_letter_spacing_hover=&#8221;0&#8243; global_colors_info=&#8221;{}&#8221; button_text_size__hover_enabled=&#8221;off&#8221; button_one_text_size__hover_enabled=&#8221;off&#8221; button_two_text_size__hover_enabled=&#8221;off&#8221; button_text_color__hover_enabled=&#8221;off&#8221; button_one_text_color__hover_enabled=&#8221;off&#8221; button_two_text_color__hover_enabled=&#8221;off&#8221; button_border_width__hover_enabled=&#8221;off&#8221; button_one_border_width__hover_enabled=&#8221;off&#8221; button_two_border_width__hover_enabled=&#8221;off&#8221; button_border_color__hover_enabled=&#8221;off&#8221; button_one_border_color__hover_enabled=&#8221;off&#8221; button_two_border_color__hover_enabled=&#8221;off&#8221; button_border_radius__hover_enabled=&#8221;off&#8221; button_one_border_radius__hover_enabled=&#8221;off&#8221; button_two_border_radius__hover_enabled=&#8221;off&#8221; button_letter_spacing__hover_enabled=&#8221;on&#8221; button_letter_spacing__hover=&#8221;0&#8243; button_one_letter_spacing__hover_enabled=&#8221;off&#8221; button_two_letter_spacing__hover_enabled=&#8221;off&#8221; button_bg_color__hover_enabled=&#8221;off&#8221; button_one_bg_color__hover_enabled=&#8221;off&#8221; button_two_bg_color__hover_enabled=&#8221;off&#8221; sticky_enabled=&#8221;0&#8243;][\/et_pb_button][et_pb_image src=&#8221;\/wp-content\/uploads\/2018\/07\/Merkeslia_valdres_hyttetomter_logo_farge.png&#8221; align=&#8221;center&#8221; align_tablet=&#8221;center&#8221; align_phone=&#8221;&#8221; align_last_edited=&#8221;on|desktop&#8221; _builder_version=&#8221;4.16&#8243; global_colors_info=&#8221;{}&#8221;][\/et_pb_image][\/et_pb_column][\/et_pb_row][et_pb_row _builder_version=&#8221;4.16&#8243; custom_padding=&#8221;27px|0px|27px|0px&#8221; custom_css_main_element=&#8221;background-color:unset;||box-shadow:unset;&#8221; global_colors_info=&#8221;{}&#8221;][et_pb_column type=&#8221;4_4&#8243; _builder_version=&#8221;4.16&#8243; custom_padding=&#8221;|||&#8221; global_colors_info=&#8221;{}&#8221; custom_padding__hover=&#8221;|||&#8221;][et_pb_text module_class=&#8221;seksjonsoverskrift&#8221; _builder_version=&#8221;4.16&#8243; text_font=&#8221;||||||||&#8221; global_colors_info=&#8221;{}&#8221;]<\/p>\n<h2 class=\"h2-pynt\">Infrastruktur<\/h2>\n<p style=\"text-align: center;\">Alle tomter i hyttefeltet bygges ut med f\u00f8lgende spesifikasjoner, infrastruktur og retningslinjer.<\/p>\n<p>[\/et_pb_text][\/et_pb_column][\/et_pb_row][et_pb_row column_structure=&#8221;1_2,1_2&#8243; make_equal=&#8221;on&#8221; module_class=&#8221;infra-rad et_pb_row_fullwidth&#8221; _builder_version=&#8221;4.16&#8243; width_tablet=&#8221;80%&#8221; width_phone=&#8221;&#8221; width_last_edited=&#8221;on|desktop&#8221; max_width_tablet=&#8221;80%&#8221; max_width_phone=&#8221;&#8221; max_width_last_edited=&#8221;on|desktop&#8221; custom_padding=&#8221;0px|0px|24px|0px&#8221; make_fullwidth=&#8221;on&#8221; global_colors_info=&#8221;{}&#8221;][et_pb_column type=&#8221;1_2&#8243; _builder_version=&#8221;4.16&#8243; custom_padding=&#8221;|||&#8221; global_colors_info=&#8221;{}&#8221; custom_padding__hover=&#8221;|||&#8221;][et_pb_image src=&#8221;\/wp-content\/uploads\/2018\/07\/Ikoner-01.png&#8221; align_tablet=&#8221;center&#8221; align_phone=&#8221;&#8221; align_last_edited=&#8221;on|desktop&#8221; module_class=&#8221;infra-ikon&#8221; _builder_version=&#8221;4.16&#8243; global_colors_info=&#8221;{}&#8221;][\/et_pb_image][et_pb_text module_class=&#8221;infra-tekst&#8221; _builder_version=&#8221;4.24.2&#8243; global_colors_info=&#8221;{}&#8221;]<\/p>\n<h3>Vann og avl\u00f8p<\/h3>\n<p>Det er godkjent vannforsyning til alle tomter fra borehull, og avl\u00f8p til felles renseanlegg og infiltrasjon for hele feltet.<\/p>\n<p>\u00c5rlige kostnader fordeles p\u00e5 alle som til hver tid er tilkoblet, og faktiske kostnader blir fakturert av velforeningen for feltet.<\/p>\n<p>[\/et_pb_text][\/et_pb_column][et_pb_column type=&#8221;1_2&#8243; _builder_version=&#8221;4.16&#8243; custom_padding=&#8221;|||&#8221; global_colors_info=&#8221;{}&#8221; custom_padding__hover=&#8221;|||&#8221;][et_pb_image src=&#8221;\/wp-content\/uploads\/2018\/07\/Ikoner-02.png&#8221; align_tablet=&#8221;center&#8221; align_phone=&#8221;&#8221; align_last_edited=&#8221;on|desktop&#8221; module_class=&#8221;infra-ikon&#8221; _builder_version=&#8221;4.16&#8243; global_colors_info=&#8221;{}&#8221;][\/et_pb_image][et_pb_text module_class=&#8221;infra-tekst&#8221; _builder_version=&#8221;4.16&#8243; global_colors_info=&#8221;{}&#8221;]<\/p>\n<h3>Elektrisitet og fiber<\/h3>\n<p>Anleggsbidrag for str\u00f8m fram til tomtegrense er betalt av utbygger. Det er forberedt for trekking av fiber i e-verkets kabler. I ettertid er det imidlertid kommet mulighet for tr\u00e5dl\u00f8st nett som er en rimeligere l\u00f8sning.<\/p>\n<p>[\/et_pb_text][\/et_pb_column][\/et_pb_row][et_pb_row column_structure=&#8221;1_2,1_2&#8243; make_equal=&#8221;on&#8221; module_class=&#8221;infra-rad et_pb_row_fullwidth&#8221; _builder_version=&#8221;4.16&#8243; width_tablet=&#8221;80%&#8221; width_phone=&#8221;&#8221; width_last_edited=&#8221;on|desktop&#8221; max_width_tablet=&#8221;80%&#8221; max_width_phone=&#8221;&#8221; max_width_last_edited=&#8221;on|desktop&#8221; custom_padding=&#8221;0px|0px|24px|0px&#8221; make_fullwidth=&#8221;on&#8221; global_colors_info=&#8221;{}&#8221;][et_pb_column type=&#8221;1_2&#8243; _builder_version=&#8221;4.16&#8243; custom_padding=&#8221;|||&#8221; global_colors_info=&#8221;{}&#8221; custom_padding__hover=&#8221;|||&#8221;][et_pb_image src=&#8221;\/wp-content\/uploads\/2018\/07\/Ikoner-03.png&#8221; align_tablet=&#8221;center&#8221; align_phone=&#8221;&#8221; align_last_edited=&#8221;on|desktop&#8221; module_class=&#8221;infra-ikon&#8221; _builder_version=&#8221;4.16&#8243; global_colors_info=&#8221;{}&#8221;][\/et_pb_image][et_pb_text _builder_version=&#8221;4.24.2&#8243; global_colors_info=&#8221;{}&#8221;]<\/p>\n<h3>Vei<\/h3>\n<p>Hel\u00e5rsvei fra fylkesvei 51, p\u00e5 kommunale Pardisveien fram til hyttefeltet.<\/p>\n<p>Veivedlikehold og br\u00f8yting intern i feltet blir administrert av velforeningen, og faktiske kostnader fordelt p\u00e5 hytteeierne.<\/p>\n<p>[\/et_pb_text][\/et_pb_column][et_pb_column type=&#8221;1_2&#8243; _builder_version=&#8221;4.16&#8243; custom_padding=&#8221;|||&#8221; global_colors_info=&#8221;{}&#8221; custom_padding__hover=&#8221;|||&#8221;][et_pb_image src=&#8221;\/wp-content\/uploads\/2018\/07\/Ikoner-04.png&#8221; align_tablet=&#8221;center&#8221; align_phone=&#8221;&#8221; align_last_edited=&#8221;on|desktop&#8221; module_class=&#8221;infra-ikon&#8221; _builder_version=&#8221;4.16&#8243; global_colors_info=&#8221;{}&#8221;][\/et_pb_image][et_pb_text module_class=&#8221;infra-tekst&#8221; _builder_version=&#8221;4.24.2&#8243; global_colors_info=&#8221;{}&#8221;]<\/p>\n<h3>Velforening<\/h3>\n<p><span>Det et dannet egen Velforening for de som er tilknyttet vann og avl\u00f8p i feltet, med Stein Atle Grane som leder og Thor Hovde som vaktmester.<\/span><\/p>\n<p><span><br \/>Det er Velforeningen som fakturerer for vegvedlikehold og for drift av vann og avl\u00f8p.<\/span><\/p>\n<p>[\/et_pb_text][\/et_pb_column][\/et_pb_row][et_pb_row _builder_version=&#8221;4.16&#8243; custom_margin=&#8221;30px|||&#8221; custom_padding=&#8221;8px|0px|27px|0px&#8221; global_colors_info=&#8221;{}&#8221;][et_pb_column type=&#8221;4_4&#8243; _builder_version=&#8221;4.16&#8243; custom_padding=&#8221;|||&#8221; global_colors_info=&#8221;{}&#8221; custom_padding__hover=&#8221;|||&#8221;][et_pb_text _builder_version=&#8221;4.24.2&#8243; _module_preset=&#8221;default&#8221; global_colors_info=&#8221;{}&#8221;]<\/p>\n<h2 style=\"text-align: left;\">Byggem\u00e5te og standard<\/h2>\n<p>Utdrag av reviderte reguleringsbestemmelser for Tisleia Fjellg\u00e5rd.<br \/>Vedtatt i kommunestyret i sak 022\/27, den 07.04.2022.<\/p>\n<p><a href=\"https:\/\/www.merkeslia.no\/wp-content\/uploads\/2024\/04\/Byggemate-og-standard.pdf\" rel=\"attachment wp-att-1670\">Byggem\u00e5te og standard (pdf)<\/a><\/p>\n<p>[\/et_pb_text][\/et_pb_column][\/et_pb_row][\/et_pb_section]<\/p>\n","protected":false},"excerpt":{"rendered":"<p>Hyttetomter med fritt utsyn, lang solgang, h\u00f8y himmel og god tumleplass\u00a0 \u00a0 Byggeklare fjelltomter\u00a0 \u00a0 \u00a0kun 2,5 timer fra byen \u00a0 Vil du bygge dr\u00f8mmehytta selv fra grunnen s\u00e5 ligger alt klart i Merkeslia. Vei, vann, kloakk og str\u00f8m er ferdig anlagt og de frittliggende hyttetomtene byggeklare. De f\u00f8rste naboene er faktisk allerede kommet under [&hellip;]<\/p>\n","protected":false},"author":1,"featured_media":0,"parent":0,"menu_order":0,"comment_status":"closed","ping_status":"closed","template":"","meta":{"_et_pb_use_builder":"on","_et_pb_old_content":"","_et_gb_content_width":"","footnotes":""},"class_list":["post-192","page","type-page","status-publish","hentry"],"yoast_head":"<!-- This site is optimized with the Yoast SEO plugin v27.1 - https:\/\/yoast.com\/product\/yoast-seo-wordpress\/ -->\n<title>Hyttetomter | Makel\u00f8se Merkeslia Hyttefelt i Valdres<\/title>\n<meta name=\"description\" content=\"Se de forskjellige hyttetomtene vi tilbyr. Her f\u00e5r du informasjon om feltet, og prisliste for de forskjellige tomtene.\" \/>\n<meta name=\"robots\" content=\"index, follow, max-snippet:-1, max-image-preview:large, max-video-preview:-1\" \/>\n<link rel=\"canonical\" href=\"https:\/\/www.merkeslia.no\/index.php\/hyttetomter\/\" \/>\n<meta property=\"og:locale\" content=\"en_US\" \/>\n<meta property=\"og:type\" content=\"article\" \/>\n<meta property=\"og:title\" content=\"Hyttetomter | Makel\u00f8se Merkeslia Hyttefelt i Valdres\" \/>\n<meta property=\"og:description\" content=\"Se de forskjellige hyttetomtene vi tilbyr. Her f\u00e5r du informasjon om feltet, og prisliste for de forskjellige tomtene.\" \/>\n<meta property=\"og:url\" content=\"https:\/\/www.merkeslia.no\/index.php\/hyttetomter\/\" \/>\n<meta property=\"og:site_name\" content=\"Merkeslia\" \/>\n<meta property=\"article:publisher\" content=\"https:\/\/www.facebook.com\/merkeslia\/\" \/>\n<meta property=\"article:modified_time\" content=\"2026-03-13T08:28:14+00:00\" \/>\n<meta name=\"twitter:card\" content=\"summary_large_image\" \/>\n<meta name=\"twitter:label1\" content=\"Est. reading time\" \/>\n\t<meta name=\"twitter:data1\" content=\"8 minutes\" \/>\n<script type=\"application\/ld+json\" class=\"yoast-schema-graph\">{\"@context\":\"https:\/\/schema.org\",\"@graph\":[{\"@type\":\"WebPage\",\"@id\":\"https:\/\/www.merkeslia.no\/index.php\/hyttetomter\/\",\"url\":\"https:\/\/www.merkeslia.no\/index.php\/hyttetomter\/\",\"name\":\"Hyttetomter | Makel\u00f8se Merkeslia Hyttefelt i Valdres\",\"isPartOf\":{\"@id\":\"https:\/\/www.merkeslia.no\/#website\"},\"datePublished\":\"2018-07-04T12:36:25+00:00\",\"dateModified\":\"2026-03-13T08:28:14+00:00\",\"description\":\"Se de forskjellige hyttetomtene vi tilbyr. Her f\u00e5r du informasjon om feltet, og prisliste for de forskjellige tomtene.\",\"breadcrumb\":{\"@id\":\"https:\/\/www.merkeslia.no\/index.php\/hyttetomter\/#breadcrumb\"},\"inLanguage\":\"en-US\",\"potentialAction\":[{\"@type\":\"ReadAction\",\"target\":[\"https:\/\/www.merkeslia.no\/index.php\/hyttetomter\/\"]}]},{\"@type\":\"BreadcrumbList\",\"@id\":\"https:\/\/www.merkeslia.no\/index.php\/hyttetomter\/#breadcrumb\",\"itemListElement\":[{\"@type\":\"ListItem\",\"position\":1,\"name\":\"Home\",\"item\":\"https:\/\/www.merkeslia.no\/\"},{\"@type\":\"ListItem\",\"position\":2,\"name\":\"Hyttetomter\"}]},{\"@type\":\"WebSite\",\"@id\":\"https:\/\/www.merkeslia.no\/#website\",\"url\":\"https:\/\/www.merkeslia.no\/\",\"name\":\"Merkeslia\",\"description\":\"Makel\u00f8se Merkeslia\",\"potentialAction\":[{\"@type\":\"SearchAction\",\"target\":{\"@type\":\"EntryPoint\",\"urlTemplate\":\"https:\/\/www.merkeslia.no\/?s={search_term_string}\"},\"query-input\":{\"@type\":\"PropertyValueSpecification\",\"valueRequired\":true,\"valueName\":\"search_term_string\"}}],\"inLanguage\":\"en-US\"}]}<\/script>\n<!-- \/ Yoast SEO plugin. -->","yoast_head_json":{"title":"Hyttetomter | Makel\u00f8se Merkeslia Hyttefelt i Valdres","description":"Se de forskjellige hyttetomtene vi tilbyr. Her f\u00e5r du informasjon om feltet, og prisliste for de forskjellige tomtene.","robots":{"index":"index","follow":"follow","max-snippet":"max-snippet:-1","max-image-preview":"max-image-preview:large","max-video-preview":"max-video-preview:-1"},"canonical":"https:\/\/www.merkeslia.no\/index.php\/hyttetomter\/","og_locale":"en_US","og_type":"article","og_title":"Hyttetomter | Makel\u00f8se Merkeslia Hyttefelt i Valdres","og_description":"Se de forskjellige hyttetomtene vi tilbyr. Her f\u00e5r du informasjon om feltet, og prisliste for de forskjellige tomtene.","og_url":"https:\/\/www.merkeslia.no\/index.php\/hyttetomter\/","og_site_name":"Merkeslia","article_publisher":"https:\/\/www.facebook.com\/merkeslia\/","article_modified_time":"2026-03-13T08:28:14+00:00","twitter_card":"summary_large_image","twitter_misc":{"Est. reading time":"8 minutes"},"schema":{"@context":"https:\/\/schema.org","@graph":[{"@type":"WebPage","@id":"https:\/\/www.merkeslia.no\/index.php\/hyttetomter\/","url":"https:\/\/www.merkeslia.no\/index.php\/hyttetomter\/","name":"Hyttetomter | Makel\u00f8se Merkeslia Hyttefelt i Valdres","isPartOf":{"@id":"https:\/\/www.merkeslia.no\/#website"},"datePublished":"2018-07-04T12:36:25+00:00","dateModified":"2026-03-13T08:28:14+00:00","description":"Se de forskjellige hyttetomtene vi tilbyr. Her f\u00e5r du informasjon om feltet, og prisliste for de forskjellige tomtene.","breadcrumb":{"@id":"https:\/\/www.merkeslia.no\/index.php\/hyttetomter\/#breadcrumb"},"inLanguage":"en-US","potentialAction":[{"@type":"ReadAction","target":["https:\/\/www.merkeslia.no\/index.php\/hyttetomter\/"]}]},{"@type":"BreadcrumbList","@id":"https:\/\/www.merkeslia.no\/index.php\/hyttetomter\/#breadcrumb","itemListElement":[{"@type":"ListItem","position":1,"name":"Home","item":"https:\/\/www.merkeslia.no\/"},{"@type":"ListItem","position":2,"name":"Hyttetomter"}]},{"@type":"WebSite","@id":"https:\/\/www.merkeslia.no\/#website","url":"https:\/\/www.merkeslia.no\/","name":"Merkeslia","description":"Makel\u00f8se Merkeslia","potentialAction":[{"@type":"SearchAction","target":{"@type":"EntryPoint","urlTemplate":"https:\/\/www.merkeslia.no\/?s={search_term_string}"},"query-input":{"@type":"PropertyValueSpecification","valueRequired":true,"valueName":"search_term_string"}}],"inLanguage":"en-US"}]}},"_links":{"self":[{"href":"https:\/\/www.merkeslia.no\/index.php\/wp-json\/wp\/v2\/pages\/192","targetHints":{"allow":["GET"]}}],"collection":[{"href":"https:\/\/www.merkeslia.no\/index.php\/wp-json\/wp\/v2\/pages"}],"about":[{"href":"https:\/\/www.merkeslia.no\/index.php\/wp-json\/wp\/v2\/types\/page"}],"author":[{"embeddable":true,"href":"https:\/\/www.merkeslia.no\/index.php\/wp-json\/wp\/v2\/users\/1"}],"replies":[{"embeddable":true,"href":"https:\/\/www.merkeslia.no\/index.php\/wp-json\/wp\/v2\/comments?post=192"}],"version-history":[{"count":138,"href":"https:\/\/www.merkeslia.no\/index.php\/wp-json\/wp\/v2\/pages\/192\/revisions"}],"predecessor-version":[{"id":1685,"href":"https:\/\/www.merkeslia.no\/index.php\/wp-json\/wp\/v2\/pages\/192\/revisions\/1685"}],"wp:attachment":[{"href":"https:\/\/www.merkeslia.no\/index.php\/wp-json\/wp\/v2\/media?parent=192"}],"curies":[{"name":"wp","href":"https:\/\/api.w.org\/{rel}","templated":true}]}}